{"id":968,"date":"2025-08-28T09:18:59","date_gmt":"2025-08-28T07:18:59","guid":{"rendered":"https:\/\/astigarragakoemakumeonetxea.eus\/agenda\/a-la-sombra-de-las-pantallas-manosfera-incels-y-herramientas-para-combatir-la-violencia-digital\/"},"modified":"2025-08-28T09:18:59","modified_gmt":"2025-08-28T07:18:59","slug":"a-la-sombra-de-las-pantallas-manosfera-incels-y-herramientas-para-combatir-la-violencia-digital","status":"publish","type":"mec-events","link":"https:\/\/astigarragakoemakumeonetxea.eus\/es\/agenda\/a-la-sombra-de-las-pantallas-manosfera-incels-y-herramientas-para-combatir-la-violencia-digital\/","title":{"rendered":"A la sombra de las pantallas: Manosfera, incels y herramientas para combatir la violencia digital"},"content":{"rendered":"<p><strong>Ponente:<\/strong> Sheila Melc\u00f3n<br \/>\n<strong>Idioma: <\/strong>euskera<\/p>\n<p>Analizamos las nuevas formas de violencia que se est\u00e1n extendiendo por los espacios de la red: la manosfera, el movimiento incel y los discursos t\u00f3xicos que los rodean. Esta charla nos ofrecer\u00e1 conocimiento y herramientas para afrontar estas situaciones: estrategias de prevenci\u00f3n, claves para el cuidado colectivo y recursos para la autodefensa digital.<\/p>\n","protected":false},"excerpt":{"rendered":"<p>Ponente: Sheila Melc\u00f3n Idioma: euskera Analizamos las nuevas formas de violencia que se est\u00e1n extendiendo por los espacios de la [&hellip;]<\/p>\n","protected":false},"author":1,"featured_media":926,"comment_status":"closed","ping_status":"closed","template":"","meta":{"site-sidebar-layout":"default","site-content-layout":"","ast-site-content-layout":"default","site-content-style":"default","site-sidebar-style":"default","ast-global-header-display":"","ast-banner-title-visibility":"","ast-main-header-display":"","ast-hfb-above-header-display":"","ast-hfb-below-header-display":"","ast-hfb-mobile-header-display":"","site-post-title":"","ast-breadcrumbs-content":"","ast-featured-img":"","footer-sml-layout":"","theme-transparent-header-meta":"default","adv-header-id-meta":"","stick-header-meta":"default","header-above-stick-meta":"","header-main-stick-meta":"","header-below-stick-meta":"","astra-migrate-meta-layouts":"default","ast-page-background-enabled":"default","ast-page-background-meta":{"desktop":{"background-color":"var(--ast-global-color-5)","background-image":"","background-repeat":"repeat","background-position":"center center","background-size":"auto","background-attachment":"scroll","background-type":"","background-media":"","overlay-type":"","overlay-color":"","overlay-opacity":"","overlay-gradient":""},"tablet":{"background-color":"","background-image":"","background-repeat":"repeat","background-position":"center center","background-size":"auto","background-attachment":"scroll","background-type":"","background-media":"","overlay-type":"","overlay-color":"","overlay-opacity":"","overlay-gradient":""},"mobile":{"background-color":"","background-image":"","background-repeat":"repeat","background-position":"center center","background-size":"auto","background-attachment":"scroll","background-type":"","background-media":"","overlay-type":"","overlay-color":"","overlay-opacity":"","overlay-gradient":""}},"ast-content-background-meta":{"desktop":{"background-color":"var(--ast-global-color-4)","background-image":"","background-repeat":"repeat","background-position":"center center","background-size":"auto","background-attachment":"scroll","background-type":"","background-media":"","overlay-type":"","overlay-color":"","overlay-opacity":"","overlay-gradient":""},"tablet":{"background-color":"var(--ast-global-color-4)","background-image":"","background-repeat":"repeat","background-position":"center center","background-size":"auto","background-attachment":"scroll","background-type":"","background-media":"","overlay-type":"","overlay-color":"","overlay-opacity":"","overlay-gradient":""},"mobile":{"background-color":"var(--ast-global-color-4)","background-image":"","background-repeat":"repeat","background-position":"center center","background-size":"auto","background-attachment":"scroll","background-type":"","background-media":"","overlay-type":"","overlay-color":"","overlay-opacity":"","overlay-gradient":""}}},"tags":[],"mec_category":[24],"mec_speaker":[26],"class_list":["post-968","mec-events","type-mec-events","status-publish","has-post-thumbnail","hentry","mec_category-conferencias"],"yoast_head":"<!-- This site is optimized with the Yoast SEO plugin v25.5 - https:\/\/yoast.com\/wordpress\/plugins\/seo\/ -->\n<title>A la sombra de las pantallas: Manosfera, incels y herramientas para combatir la violencia digital - Astigarragako Emakumeon Etxea<\/title>\n<meta name=\"robots\" content=\"index, follow, max-snippet:-1, max-image-preview:large, max-video-preview:-1\" \/>\n<link rel=\"canonical\" href=\"https:\/\/astigarragakoemakumeonetxea.eus\/es\/agenda\/a-la-sombra-de-las-pantallas-manosfera-incels-y-herramientas-para-combatir-la-violencia-digital\/\" \/>\n<meta property=\"og:locale\" content=\"es_ES\" \/>\n<meta property=\"og:type\" content=\"article\" \/>\n<meta property=\"og:title\" content=\"A la sombra de las pantallas: Manosfera, incels y herramientas para combatir la violencia digital - Astigarragako Emakumeon Etxea\" \/>\n<meta property=\"og:description\" content=\"Ponente: Sheila Melc\u00f3n Idioma: euskera Analizamos las nuevas formas de violencia que se est\u00e1n extendiendo por los espacios de la [&hellip;]\" \/>\n<meta property=\"og:url\" content=\"https:\/\/astigarragakoemakumeonetxea.eus\/es\/agenda\/a-la-sombra-de-las-pantallas-manosfera-incels-y-herramientas-para-combatir-la-violencia-digital\/\" \/>\n<meta property=\"og:site_name\" content=\"Astigarragako Emakumeon Etxea\" \/>\n<meta property=\"og:image\" content=\"https:\/\/astigarragakoemakumeonetxea.eus\/wp-content\/uploads\/2025\/08\/Sheila-Melcon.jpg\" \/>\n\t<meta property=\"og:image:width\" content=\"1500\" \/>\n\t<meta property=\"og:image:height\" content=\"1000\" \/>\n\t<meta property=\"og:image:type\" content=\"image\/jpeg\" \/>\n<meta name=\"twitter:card\" content=\"summary_large_image\" \/>\n<script type=\"application\/ld+json\" class=\"yoast-schema-graph\">{\"@context\":\"https:\/\/schema.org\",\"@graph\":[{\"@type\":\"WebPage\",\"@id\":\"https:\/\/astigarragakoemakumeonetxea.eus\/es\/agenda\/a-la-sombra-de-las-pantallas-manosfera-incels-y-herramientas-para-combatir-la-violencia-digital\/\",\"url\":\"https:\/\/astigarragakoemakumeonetxea.eus\/es\/agenda\/a-la-sombra-de-las-pantallas-manosfera-incels-y-herramientas-para-combatir-la-violencia-digital\/\",\"name\":\"A la sombra de las pantallas: Manosfera, incels y herramientas para combatir la violencia digital - Astigarragako Emakumeon Etxea\",\"isPartOf\":{\"@id\":\"https:\/\/astigarragakoemakumeonetxea.eus\/es\/#website\"},\"primaryImageOfPage\":{\"@id\":\"https:\/\/astigarragakoemakumeonetxea.eus\/es\/agenda\/a-la-sombra-de-las-pantallas-manosfera-incels-y-herramientas-para-combatir-la-violencia-digital\/#primaryimage\"},\"image\":{\"@id\":\"https:\/\/astigarragakoemakumeonetxea.eus\/es\/agenda\/a-la-sombra-de-las-pantallas-manosfera-incels-y-herramientas-para-combatir-la-violencia-digital\/#primaryimage\"},\"thumbnailUrl\":\"https:\/\/astigarragakoemakumeonetxea.eus\/wp-content\/uploads\/2025\/08\/Sheila-Melcon.jpg\",\"datePublished\":\"2025-08-28T07:18:59+00:00\",\"breadcrumb\":{\"@id\":\"https:\/\/astigarragakoemakumeonetxea.eus\/es\/agenda\/a-la-sombra-de-las-pantallas-manosfera-incels-y-herramientas-para-combatir-la-violencia-digital\/#breadcrumb\"},\"inLanguage\":\"es\",\"potentialAction\":[{\"@type\":\"ReadAction\",\"target\":[\"https:\/\/astigarragakoemakumeonetxea.eus\/es\/agenda\/a-la-sombra-de-las-pantallas-manosfera-incels-y-herramientas-para-combatir-la-violencia-digital\/\"]}]},{\"@type\":\"ImageObject\",\"inLanguage\":\"es\",\"@id\":\"https:\/\/astigarragakoemakumeonetxea.eus\/es\/agenda\/a-la-sombra-de-las-pantallas-manosfera-incels-y-herramientas-para-combatir-la-violencia-digital\/#primaryimage\",\"url\":\"https:\/\/astigarragakoemakumeonetxea.eus\/wp-content\/uploads\/2025\/08\/Sheila-Melcon.jpg\",\"contentUrl\":\"https:\/\/astigarragakoemakumeonetxea.eus\/wp-content\/uploads\/2025\/08\/Sheila-Melcon.jpg\",\"width\":1500,\"height\":1000},{\"@type\":\"BreadcrumbList\",\"@id\":\"https:\/\/astigarragakoemakumeonetxea.eus\/es\/agenda\/a-la-sombra-de-las-pantallas-manosfera-incels-y-herramientas-para-combatir-la-violencia-digital\/#breadcrumb\",\"itemListElement\":[{\"@type\":\"ListItem\",\"position\":1,\"name\":\"Home\",\"item\":\"https:\/\/astigarragakoemakumeonetxea.eus\/es\/\"},{\"@type\":\"ListItem\",\"position\":2,\"name\":\"Agenda\",\"item\":\"https:\/\/astigarragakoemakumeonetxea.eus\/es\/agenda\/\"},{\"@type\":\"ListItem\",\"position\":3,\"name\":\"A la sombra de las pantallas: Manosfera, incels y herramientas para combatir la violencia digital\"}]},{\"@type\":\"WebSite\",\"@id\":\"https:\/\/astigarragakoemakumeonetxea.eus\/es\/#website\",\"url\":\"https:\/\/astigarragakoemakumeonetxea.eus\/es\/\",\"name\":\"Astigarragako Emakumeon Etxea\",\"description\":\"\",\"publisher\":{\"@id\":\"https:\/\/astigarragakoemakumeonetxea.eus\/es\/#organization\"},\"potentialAction\":[{\"@type\":\"SearchAction\",\"target\":{\"@type\":\"EntryPoint\",\"urlTemplate\":\"https:\/\/astigarragakoemakumeonetxea.eus\/es\/?s={search_term_string}\"},\"query-input\":{\"@type\":\"PropertyValueSpecification\",\"valueRequired\":true,\"valueName\":\"search_term_string\"}}],\"inLanguage\":\"es\"},{\"@type\":\"Organization\",\"@id\":\"https:\/\/astigarragakoemakumeonetxea.eus\/es\/#organization\",\"name\":\"Astigarragako Emakumeon Etxea\",\"url\":\"https:\/\/astigarragakoemakumeonetxea.eus\/es\/\",\"logo\":{\"@type\":\"ImageObject\",\"inLanguage\":\"es\",\"@id\":\"https:\/\/astigarragakoemakumeonetxea.eus\/es\/#\/schema\/logo\/image\/\",\"url\":\"https:\/\/astigarragakoemakumeonetxea.eus\/wp-content\/uploads\/2025\/07\/Astigarraga-emakumeon-etxea-logotipoa-morea.png\",\"contentUrl\":\"https:\/\/astigarragakoemakumeonetxea.eus\/wp-content\/uploads\/2025\/07\/Astigarraga-emakumeon-etxea-logotipoa-morea.png\",\"width\":1000,\"height\":429,\"caption\":\"Astigarragako Emakumeon Etxea\"},\"image\":{\"@id\":\"https:\/\/astigarragakoemakumeonetxea.eus\/es\/#\/schema\/logo\/image\/\"}}]}<\/script>\n<!-- \/ Yoast SEO plugin. -->","yoast_head_json":{"title":"A la sombra de las pantallas: Manosfera, incels y herramientas para combatir la violencia digital - Astigarragako Emakumeon Etxea","robots":{"index":"index","follow":"follow","max-snippet":"max-snippet:-1","max-image-preview":"max-image-preview:large","max-video-preview":"max-video-preview:-1"},"canonical":"https:\/\/astigarragakoemakumeonetxea.eus\/es\/agenda\/a-la-sombra-de-las-pantallas-manosfera-incels-y-herramientas-para-combatir-la-violencia-digital\/","og_locale":"es_ES","og_type":"article","og_title":"A la sombra de las pantallas: Manosfera, incels y herramientas para combatir la violencia digital - Astigarragako Emakumeon Etxea","og_description":"Ponente: Sheila Melc\u00f3n Idioma: euskera Analizamos las nuevas formas de violencia que se est\u00e1n extendiendo por los espacios de la [&hellip;]","og_url":"https:\/\/astigarragakoemakumeonetxea.eus\/es\/agenda\/a-la-sombra-de-las-pantallas-manosfera-incels-y-herramientas-para-combatir-la-violencia-digital\/","og_site_name":"Astigarragako Emakumeon Etxea","og_image":[{"width":1500,"height":1000,"url":"https:\/\/astigarragakoemakumeonetxea.eus\/wp-content\/uploads\/2025\/08\/Sheila-Melcon.jpg","type":"image\/jpeg"}],"twitter_card":"summary_large_image","schema":{"@context":"https:\/\/schema.org","@graph":[{"@type":"WebPage","@id":"https:\/\/astigarragakoemakumeonetxea.eus\/es\/agenda\/a-la-sombra-de-las-pantallas-manosfera-incels-y-herramientas-para-combatir-la-violencia-digital\/","url":"https:\/\/astigarragakoemakumeonetxea.eus\/es\/agenda\/a-la-sombra-de-las-pantallas-manosfera-incels-y-herramientas-para-combatir-la-violencia-digital\/","name":"A la sombra de las pantallas: Manosfera, incels y herramientas para combatir la violencia digital - Astigarragako Emakumeon Etxea","isPartOf":{"@id":"https:\/\/astigarragakoemakumeonetxea.eus\/es\/#website"},"primaryImageOfPage":{"@id":"https:\/\/astigarragakoemakumeonetxea.eus\/es\/agenda\/a-la-sombra-de-las-pantallas-manosfera-incels-y-herramientas-para-combatir-la-violencia-digital\/#primaryimage"},"image":{"@id":"https:\/\/astigarragakoemakumeonetxea.eus\/es\/agenda\/a-la-sombra-de-las-pantallas-manosfera-incels-y-herramientas-para-combatir-la-violencia-digital\/#primaryimage"},"thumbnailUrl":"https:\/\/astigarragakoemakumeonetxea.eus\/wp-content\/uploads\/2025\/08\/Sheila-Melcon.jpg","datePublished":"2025-08-28T07:18:59+00:00","breadcrumb":{"@id":"https:\/\/astigarragakoemakumeonetxea.eus\/es\/agenda\/a-la-sombra-de-las-pantallas-manosfera-incels-y-herramientas-para-combatir-la-violencia-digital\/#breadcrumb"},"inLanguage":"es","potentialAction":[{"@type":"ReadAction","target":["https:\/\/astigarragakoemakumeonetxea.eus\/es\/agenda\/a-la-sombra-de-las-pantallas-manosfera-incels-y-herramientas-para-combatir-la-violencia-digital\/"]}]},{"@type":"ImageObject","inLanguage":"es","@id":"https:\/\/astigarragakoemakumeonetxea.eus\/es\/agenda\/a-la-sombra-de-las-pantallas-manosfera-incels-y-herramientas-para-combatir-la-violencia-digital\/#primaryimage","url":"https:\/\/astigarragakoemakumeonetxea.eus\/wp-content\/uploads\/2025\/08\/Sheila-Melcon.jpg","contentUrl":"https:\/\/astigarragakoemakumeonetxea.eus\/wp-content\/uploads\/2025\/08\/Sheila-Melcon.jpg","width":1500,"height":1000},{"@type":"BreadcrumbList","@id":"https:\/\/astigarragakoemakumeonetxea.eus\/es\/agenda\/a-la-sombra-de-las-pantallas-manosfera-incels-y-herramientas-para-combatir-la-violencia-digital\/#breadcrumb","itemListElement":[{"@type":"ListItem","position":1,"name":"Home","item":"https:\/\/astigarragakoemakumeonetxea.eus\/es\/"},{"@type":"ListItem","position":2,"name":"Agenda","item":"https:\/\/astigarragakoemakumeonetxea.eus\/es\/agenda\/"},{"@type":"ListItem","position":3,"name":"A la sombra de las pantallas: Manosfera, incels y herramientas para combatir la violencia digital"}]},{"@type":"WebSite","@id":"https:\/\/astigarragakoemakumeonetxea.eus\/es\/#website","url":"https:\/\/astigarragakoemakumeonetxea.eus\/es\/","name":"Astigarragako Emakumeon Etxea","description":"","publisher":{"@id":"https:\/\/astigarragakoemakumeonetxea.eus\/es\/#organization"},"potentialAction":[{"@type":"SearchAction","target":{"@type":"EntryPoint","urlTemplate":"https:\/\/astigarragakoemakumeonetxea.eus\/es\/?s={search_term_string}"},"query-input":{"@type":"PropertyValueSpecification","valueRequired":true,"valueName":"search_term_string"}}],"inLanguage":"es"},{"@type":"Organization","@id":"https:\/\/astigarragakoemakumeonetxea.eus\/es\/#organization","name":"Astigarragako Emakumeon Etxea","url":"https:\/\/astigarragakoemakumeonetxea.eus\/es\/","logo":{"@type":"ImageObject","inLanguage":"es","@id":"https:\/\/astigarragakoemakumeonetxea.eus\/es\/#\/schema\/logo\/image\/","url":"https:\/\/astigarragakoemakumeonetxea.eus\/wp-content\/uploads\/2025\/07\/Astigarraga-emakumeon-etxea-logotipoa-morea.png","contentUrl":"https:\/\/astigarragakoemakumeonetxea.eus\/wp-content\/uploads\/2025\/07\/Astigarraga-emakumeon-etxea-logotipoa-morea.png","width":1000,"height":429,"caption":"Astigarragako Emakumeon Etxea"},"image":{"@id":"https:\/\/astigarragakoemakumeonetxea.eus\/es\/#\/schema\/logo\/image\/"}}]}},"_links":{"self":[{"href":"https:\/\/astigarragakoemakumeonetxea.eus\/es\/wp-json\/wp\/v2\/mec-events\/968","targetHints":{"allow":["GET"]}}],"collection":[{"href":"https:\/\/astigarragakoemakumeonetxea.eus\/es\/wp-json\/wp\/v2\/mec-events"}],"about":[{"href":"https:\/\/astigarragakoemakumeonetxea.eus\/es\/wp-json\/wp\/v2\/types\/mec-events"}],"author":[{"embeddable":true,"href":"https:\/\/astigarragakoemakumeonetxea.eus\/es\/wp-json\/wp\/v2\/users\/1"}],"replies":[{"embeddable":true,"href":"https:\/\/astigarragakoemakumeonetxea.eus\/es\/wp-json\/wp\/v2\/comments?post=968"}],"wp:featuredmedia":[{"embeddable":true,"href":"https:\/\/astigarragakoemakumeonetxea.eus\/es\/wp-json\/wp\/v2\/media\/926"}],"wp:attachment":[{"href":"https:\/\/astigarragakoemakumeonetxea.eus\/es\/wp-json\/wp\/v2\/media?parent=968"}],"wp:term":[{"taxonomy":"post_tag","embeddable":true,"href":"https:\/\/astigarragakoemakumeonetxea.eus\/es\/wp-json\/wp\/v2\/tags?post=968"},{"taxonomy":"mec_category","embeddable":true,"href":"https:\/\/astigarragakoemakumeonetxea.eus\/es\/wp-json\/wp\/v2\/mec_category?post=968"},{"taxonomy":"mec_speaker","embeddable":true,"href":"https:\/\/astigarragakoemakumeonetxea.eus\/es\/wp-json\/wp\/v2\/mec_speaker?post=968"}],"curies":[{"name":"wp","href":"https:\/\/api.w.org\/{rel}","templated":true}]}}