{"id":955,"date":"2025-07-11T12:43:06","date_gmt":"2025-07-11T10:43:06","guid":{"rendered":"https:\/\/astigarragakoemakumeonetxea.eus\/actividades\/"},"modified":"2026-01-09T09:43:06","modified_gmt":"2026-01-09T08:43:06","slug":"actividades","status":"publish","type":"page","link":"https:\/\/astigarragakoemakumeonetxea.eus\/es\/actividades\/","title":{"rendered":"Actividades"},"content":{"rendered":"\t\t<div data-elementor-type=\"wp-page\" data-elementor-id=\"955\" class=\"elementor elementor-955 elementor-221\" data-elementor-post-type=\"page\">\n\t\t\t\t<div class=\"elementor-element elementor-element-5026758 e-flex e-con-boxed e-con e-parent\" data-id=\"5026758\" data-element_type=\"container\">\n\t\t\t\t\t<div class=\"e-con-inner\">\n\t\t<div class=\"elementor-element elementor-element-d3d0962 e-con-full e-flex e-con e-child\" data-id=\"d3d0962\" data-element_type=\"container\">\n\t\t\t\t<\/div>\n\t\t<div class=\"elementor-element elementor-element-4753e4d e-con-full e-flex e-con e-child\" data-id=\"4753e4d\" data-element_type=\"container\">\n\t\t\t\t<div class=\"elementor-element elementor-element-5ca0a21 elementor-widget elementor-widget-image\" data-id=\"5ca0a21\" data-element_type=\"widget\" data-widget_type=\"image.default\">\n\t\t\t\t\t\t\t\t\t\t\t\t\t\t\t<img fetchpriority=\"high\" decoding=\"async\" width=\"1500\" height=\"1000\" src=\"https:\/\/astigarragakoemakumeonetxea.eus\/wp-content\/uploads\/2025\/08\/Eskaintza-Astigarragako-emakumeon-etxea.jpg\" class=\"attachment-full size-full wp-image-921\" alt=\"\" srcset=\"https:\/\/astigarragakoemakumeonetxea.eus\/wp-content\/uploads\/2025\/08\/Eskaintza-Astigarragako-emakumeon-etxea.jpg 1500w, https:\/\/astigarragakoemakumeonetxea.eus\/wp-content\/uploads\/2025\/08\/Eskaintza-Astigarragako-emakumeon-etxea-800x533.jpg 800w, https:\/\/astigarragakoemakumeonetxea.eus\/wp-content\/uploads\/2025\/08\/Eskaintza-Astigarragako-emakumeon-etxea-1200x800.jpg 1200w, https:\/\/astigarragakoemakumeonetxea.eus\/wp-content\/uploads\/2025\/08\/Eskaintza-Astigarragako-emakumeon-etxea-768x512.jpg 768w, https:\/\/astigarragakoemakumeonetxea.eus\/wp-content\/uploads\/2025\/08\/Eskaintza-Astigarragako-emakumeon-etxea-391x260.jpg 391w\" sizes=\"(max-width: 1500px) 100vw, 1500px\" \/>\t\t\t\t\t\t\t\t\t\t\t\t\t\t\t<\/div>\n\t\t\t\t<\/div>\n\t\t\t\t\t<\/div>\n\t\t\t\t<\/div>\n\t\t<div class=\"elementor-element elementor-element-b00ad04 e-con-full e-flex e-con e-parent\" data-id=\"b00ad04\" data-element_type=\"container\">\n\t\t\t\t<div class=\"elementor-element elementor-element-4c163d8 elementor-widget elementor-widget-ucaddon_marquee\" data-id=\"4c163d8\" data-element_type=\"widget\" data-widget_type=\"ucaddon_marquee.default\">\n\t\t\t\t<div class=\"elementor-widget-container\">\n\t\t\t\t\t\n<!-- start Text Marquee Effect -->\n<style>\/* widget: Text Marquee Effect *\/\n\n#uc_marquee_elementor_4c163d8{\n    box-sizing: border-box;\n    white-space: nowrap;\n    overflow: hidden;\n    box-sizing: border-box;\n    margin:0 auto;\n    display: flex;\n}\n\n#uc_marquee_elementor_4c163d8 .marquee_text {\n          width: auto;\n      display: flex;\n        align-items: center;\n    justify-content: center;\n    transition: all 0.2s ease;\n    white-space: nowrap;\n}\n\n#uc_marquee_elementor_4c163d8 a{\n  text-decoration:none;\n}\n\n#uc_marquee_elementor_4c163d8 .marquee_text-container {\n  \n  animation-timing-function: linear;\n  animation-iteration-count: infinite;\n  \n    \n  \/* infinite effect *\/\n    \n  \tdisplay: flex;\t\n  \n    \/*right to left*\/\n  \t \n  \t\tanimation-name: marquee_infinite;\n  \t  \n    \/*left to right*\/\n  \t  \n    \/* end infinite effect *\/\n  \n  animation-delay: 250ms;\n  \n}\n\n\n\/*right to left*\/\n@keyframes marquee_infinite { \n    0% { transform: translateX(0); }\n    100% { transform: translateX(-50%); }\n}\n\n\/*left to right*\/\n@keyframes marquee_flip_infinite {\n    0% { transform: translateX(-50%); }\n    100% { transform: translateX(0); }    \n}\n\n\/*right to left*\/\n@keyframes marquee {  \n    0% { transform: translateX(0); }\n    100% { transform: translateX(-100%); }\n}\n\n\/*left to right*\/\n@keyframes marquee_flip { \n    0% { transform: translateX(-100%); }\n    100% { transform: translateX(0); }    \n}\n\n<\/style>\n\n<div class=\"ue_marquee\" id=\"uc_marquee_elementor_4c163d8\">\n   <div class=\"marquee_text-container \"> \n    <div class=\"marquee_text\">\n      \t\n        <span>CUIDADO \u2013 ESCUCHA ACTIVA \u2013 LIBERTAD \u2013 CONFIDENCIALIDAD \u2013 RESPETO \u2013 EQUILIBRIO \u2013 HUMOR \u2013 CONFIANZA \u2013 PACIENCIA \u2013 CERCAN\u00cdA \u2013 COMUNIDAD \u2013 FEMINISMO \u2013 INTERSECCIONALIDAD \u2013 &nbsp;<\/span>\n      \t\n    <\/div>\n  <\/div>\n<\/div>\n<!-- end Text Marquee Effect -->\t\t\t\t<\/div>\n\t\t\t\t<\/div>\n\t\t\t\t<\/div>\n\t\t<div class=\"elementor-element elementor-element-4b83944 e-flex e-con-boxed e-con e-parent\" data-id=\"4b83944\" data-element_type=\"container\" id=\"jabetze-eskola\">\n\t\t\t\t\t<div class=\"e-con-inner\">\n\t\t<div class=\"elementor-element elementor-element-154f9ad e-con-full e-flex e-con e-child\" data-id=\"154f9ad\" data-element_type=\"container\">\n\t\t\t\t<div class=\"elementor-element elementor-element-955e8bc elementor-widget elementor-widget-heading\" data-id=\"955e8bc\" data-element_type=\"widget\" data-widget_type=\"heading.default\">\n\t\t\t\t\t<h1 class=\"elementor-heading-title elementor-size-default\">Escuela de Empoderamiento<\/h1>\t\t\t\t<\/div>\n\t\t\t\t<\/div>\n\t\t<div class=\"elementor-element elementor-element-722df03 e-con-full e-flex e-con e-child\" data-id=\"722df03\" data-element_type=\"container\">\n\t\t<div class=\"elementor-element elementor-element-860581f e-con-full e-flex e-con e-child\" data-id=\"860581f\" data-element_type=\"container\">\n\t\t\t\t<div class=\"elementor-element elementor-element-74891c4 elementor-widget elementor-widget-text-editor\" data-id=\"74891c4\" data-element_type=\"widget\" data-widget_type=\"text-editor.default\">\n\t\t\t\t\t\t\t\t\t<p>La <strong>Escuela de Empoderamiento<\/strong> para mujeres es un espacio para la reflexi\u00f3n, la formaci\u00f3n feminista y crear redes. Nos permite conocernos, ganar confianza en nosotras mismas y tomar las riendas de nuestras vidas. <\/p><p>Preparamos dos programas al a\u00f1o: uno en primavera y otro en oto\u00f1o. A trav\u00e9s de cursos, talleres y grupos, queremos acompa\u00f1ar los procesos de empoderamiento de las mujeres. Por eso, analizaremos la realidad que vivimos desde una perspectiva feminista e interseccional.  <\/p>\t\t\t\t\t\t\t\t<\/div>\n\t\t\t\t<\/div>\n\t\t<div class=\"elementor-element elementor-element-d990c7f e-con-full e-flex e-con e-child\" data-id=\"d990c7f\" data-element_type=\"container\">\n\t\t\t\t<div class=\"elementor-element elementor-element-0021d28 elementor-widget elementor-widget-text-editor\" data-id=\"0021d28\" data-element_type=\"widget\" data-widget_type=\"text-editor.default\">\n\t\t\t\t\t\t\t\t\t<p>La programaci\u00f3n se organiza en torno a <strong>cuatro ejes:<\/strong><\/p><ul><li><strong>Empoderamiento<\/strong><\/li><li><strong>Cuerpo<\/strong><\/li><li><strong>Teor\u00eda feminista<\/strong><\/li><li><strong>Ocio y humor<\/strong><\/li><\/ul><p><strong>Poniendo los cuidados en el centro,<\/strong> dedicaremos tiempo a nosotras mismas y crearemos espacios para aprender unas de otras. <strong>Pondremos en valor nuestros saberes,<\/strong> los <strong>compartiremos<\/strong> y desarrollaremos <strong>herramientas para transformar la realidad<\/strong> y avanzar hacia una sociedad m\u00e1s igualitaria.<\/p>\t\t\t\t\t\t\t\t<\/div>\n\t\t\t\t<div class=\"elementor-element elementor-element-cf2d62f elementor-align-justify elementor-widget elementor-widget-button\" data-id=\"cf2d62f\" data-element_type=\"widget\" data-widget_type=\"button.default\">\n\t\t\t\t\t\t\t\t\t\t<a class=\"elementor-button elementor-button-link elementor-size-sm\" href=\"https:\/\/forms.gle\/cAaFVzsg42gKm9w17\" target=\"_blank\">\n\t\t\t\t\t\t<span class=\"elementor-button-content-wrapper\">\n\t\t\t\t\t\t\t\t\t<span class=\"elementor-button-text\">Ap\u00fantate a la Escuela de Empoderamiento<\/span>\n\t\t\t\t\t<\/span>\n\t\t\t\t\t<\/a>\n\t\t\t\t\t\t\t\t<\/div>\n\t\t\t\t<\/div>\n\t\t\t\t<\/div>\n\t\t\t\t\t<\/div>\n\t\t\t\t<\/div>\n\t\t<div class=\"elementor-element elementor-element-20aae07 e-flex e-con-boxed e-con e-parent\" data-id=\"20aae07\" data-element_type=\"container\">\n\t\t\t\t\t<div class=\"e-con-inner\">\n\t\t\t\t<div class=\"elementor-element elementor-element-0b1e65e elementor-widget elementor-widget-heading\" data-id=\"0b1e65e\" data-element_type=\"widget\" data-widget_type=\"heading.default\">\n\t\t\t\t\t<h3 class=\"elementor-heading-title elementor-size-default\">Programas de la Escuela de Empoderamiento<\/h3>\t\t\t\t<\/div>\n\t\t\t\t\t<\/div>\n\t\t\t\t<\/div>\n\t\t<div class=\"elementor-element elementor-element-b40b4be e-grid e-con-boxed e-con e-parent\" data-id=\"b40b4be\" data-element_type=\"container\">\n\t\t\t\t\t<div class=\"e-con-inner\">\n\t\t\t\t<div class=\"elementor-element elementor-element-5251f7b elementor-widget elementor-widget-image\" data-id=\"5251f7b\" data-element_type=\"widget\" data-widget_type=\"image.default\">\n\t\t\t\t\t\t\t\t\t\t\t\t\t\t\t\t<a href=\"https:\/\/drive.google.com\/file\/d\/1NUtLHEucDWNiZsLrDpRpwD8ruWsoRxcJ\/view\" target=\"_blank\">\n\t\t\t\t\t\t\t<img decoding=\"async\" width=\"566\" height=\"800\" src=\"https:\/\/astigarragakoemakumeonetxea.eus\/wp-content\/uploads\/2026\/01\/J.E.-2026-udaberriko-portada-566x800.jpg\" class=\"attachment-large size-large wp-image-1158\" alt=\"\" srcset=\"https:\/\/astigarragakoemakumeonetxea.eus\/wp-content\/uploads\/2026\/01\/J.E.-2026-udaberriko-portada-566x800.jpg 566w, https:\/\/astigarragakoemakumeonetxea.eus\/wp-content\/uploads\/2026\/01\/J.E.-2026-udaberriko-portada-768x1086.jpg 768w, https:\/\/astigarragakoemakumeonetxea.eus\/wp-content\/uploads\/2026\/01\/J.E.-2026-udaberriko-portada-1086x1536.jpg 1086w, https:\/\/astigarragakoemakumeonetxea.eus\/wp-content\/uploads\/2026\/01\/J.E.-2026-udaberriko-portada.jpg 1414w\" sizes=\"(max-width: 566px) 100vw, 566px\" \/>\t\t\t\t\t\t\t\t<\/a>\n\t\t\t\t\t\t\t\t\t\t\t\t\t\t\t<\/div>\n\t\t\t\t<div class=\"elementor-element elementor-element-3ddabca elementor-widget elementor-widget-image\" data-id=\"3ddabca\" data-element_type=\"widget\" data-widget_type=\"image.default\">\n\t\t\t\t\t\t\t\t\t\t\t\t\t\t\t\t<a href=\"https:\/\/drive.google.com\/file\/d\/18XWNTmkWdOuc1ppAekQkFowYzm-oCxZj\/view?usp=drive_link\" target=\"_blank\">\n\t\t\t\t\t\t\t<img decoding=\"async\" width=\"566\" height=\"800\" src=\"https:\/\/astigarragakoemakumeonetxea.eus\/wp-content\/uploads\/2025\/07\/Jabetze-Eskola-2025-udazkena-566x800.jpg\" class=\"attachment-large size-large wp-image-826\" alt=\"\" srcset=\"https:\/\/astigarragakoemakumeonetxea.eus\/wp-content\/uploads\/2025\/07\/Jabetze-Eskola-2025-udazkena-566x800.jpg 566w, https:\/\/astigarragakoemakumeonetxea.eus\/wp-content\/uploads\/2025\/07\/Jabetze-Eskola-2025-udazkena-768x1086.jpg 768w, https:\/\/astigarragakoemakumeonetxea.eus\/wp-content\/uploads\/2025\/07\/Jabetze-Eskola-2025-udazkena.jpg 990w\" sizes=\"(max-width: 566px) 100vw, 566px\" \/>\t\t\t\t\t\t\t\t<\/a>\n\t\t\t\t\t\t\t\t\t\t\t\t\t\t\t<\/div>\n\t\t\t\t\t<\/div>\n\t\t\t\t<\/div>\n\t\t<div class=\"elementor-element elementor-element-6767c5e elementor-hidden-desktop elementor-hidden-laptop elementor-hidden-tablet elementor-hidden-mobile e-flex e-con-boxed e-con e-parent\" data-id=\"6767c5e\" data-element_type=\"container\" data-settings=\"{&quot;background_background&quot;:&quot;classic&quot;}\">\n\t\t\t\t\t<div class=\"e-con-inner\">\n\t\t<div class=\"elementor-element elementor-element-3371ea2 e-con-full e-flex e-con e-child\" data-id=\"3371ea2\" data-element_type=\"container\">\n\t\t\t\t<div class=\"elementor-element elementor-element-e281b6b elementor-widget elementor-widget-heading\" data-id=\"e281b6b\" data-element_type=\"widget\" data-widget_type=\"heading.default\">\n\t\t\t\t\t<h1 class=\"elementor-heading-title elementor-size-default\">Grupos de encuentro<\/h1>\t\t\t\t<\/div>\n\t\t\t\t<\/div>\n\t\t<div class=\"elementor-element elementor-element-a132b81 e-con-full e-flex e-con e-child\" data-id=\"a132b81\" data-element_type=\"container\">\n\t\t\t\t<div class=\"elementor-element elementor-element-b14ad14 elementor-widget elementor-widget-heading\" data-id=\"b14ad14\" data-element_type=\"widget\" data-widget_type=\"heading.default\">\n\t\t\t\t\t<h3 class=\"elementor-heading-title elementor-size-default\">Encuentro de maternidades<\/h3>\t\t\t\t<\/div>\n\t\t\t\t<div class=\"elementor-element elementor-element-8393a45 elementor-widget elementor-widget-text-editor\" data-id=\"8393a45\" data-element_type=\"widget\" data-widget_type=\"text-editor.default\">\n\t\t\t\t\t\t\t\t\t<p>Al comenzar la experiencia de la maternidad, nos enfrentamos a muchos sentimientos nuevos y el viaje puede ser realmente intenso. Tratamos de cubrir constantemente las necesidades de las criaturas pero\u2026 \u00bfy las nuestras? <\/p><p>En este grupo, adem\u00e1s de trabajar el desarrollo personal, intentaremos comprender mejor el mundo de la infancia. Daremos espacio a las emociones y contaremos con el apoyo del grupo. Se puede acudir con beb\u00e9s.  <\/p>\t\t\t\t\t\t\t\t<\/div>\n\t\t\t\t<\/div>\n\t\t<div class=\"elementor-element elementor-element-5f19cef e-con-full e-flex e-con e-child\" data-id=\"5f19cef\" data-element_type=\"container\">\n\t\t\t\t<div class=\"elementor-element elementor-element-c6e63c7 elementor-widget elementor-widget-heading\" data-id=\"c6e63c7\" data-element_type=\"widget\" data-widget_type=\"heading.default\">\n\t\t\t\t\t<h3 class=\"elementor-heading-title elementor-size-default\">Taller de tuneo de ropa<\/h3>\t\t\t\t<\/div>\n\t\t\t\t<div class=\"elementor-element elementor-element-66d0a07 elementor-widget elementor-widget-text-editor\" data-id=\"66d0a07\" data-element_type=\"widget\" data-widget_type=\"text-editor.default\">\n\t\t\t\t\t\t\t\t\t<p>Este grupo abierto nace con el prop\u00f3sito de reflexionar sobre nuestro modelo de consumo y construir juntas alternativas pr\u00e1cticas y sostenibles. De forma autogestionada, aprenderemos a reciclar, reparar y reutilizar ropa y tejidos que ya tenemos en casa. Es un espacio que tambi\u00e9n despierta nuestra creatividad, valorando lo que creamos con nuestras manos y d\u00e1ndole una nueva vida a los materiales. Aprenderemos unas de otras, explorando las m\u00faltiples posibilidades que nos ofrecen las telas.   <\/p><ul><li>Como parte de esta iniciativa, el grupo tambi\u00e9n organiza <strong>mercadillos de trueque y de segunda mano<\/strong> a lo largo del a\u00f1o, fomentando el intercambio, el cuidado del entorno y el consumo consciente.<\/li><\/ul>\t\t\t\t\t\t\t\t<\/div>\n\t\t\t\t<\/div>\n\t\t<div class=\"elementor-element elementor-element-04c2014 e-con-full e-flex e-con e-child\" data-id=\"04c2014\" data-element_type=\"container\">\n\t\t\t\t<div class=\"elementor-element elementor-element-ae3b801 elementor-widget elementor-widget-heading\" data-id=\"ae3b801\" data-element_type=\"widget\" data-widget_type=\"heading.default\">\n\t\t\t\t\t<h3 class=\"elementor-heading-title elementor-size-default\">Huerta Feminista<\/h3>\t\t\t\t<\/div>\n\t\t\t\t<div class=\"elementor-element elementor-element-fc4fe3d elementor-widget elementor-widget-text-editor\" data-id=\"fc4fe3d\" data-element_type=\"widget\" data-widget_type=\"text-editor.default\">\n\t\t\t\t\t\t\t\t\t<p>En el terreno que tenemos en las huertas del pueblo (herri baratzeak), hemos puesto en marcha un proyecto comunitario. Trabajar la tierra nos brinda m\u00faltiples beneficios para la salud, pero hacerlo en solitario no siempre es sencillo. Por eso, hemos decidido organizarnos en grupo.<br>La idea es cultivar juntas, aprender unas de otras y disfrutar del proceso. Compartiendo conocimientos, experiencias y entusiasmo, construyendo entre todas un espacio vivo y colectivo.   <\/p><p>Para facilitar la participaci\u00f3n, nos organizamos con flexibilidad y respetando el ritmo de cada una. As\u00ed, en peque\u00f1os grupos seg\u00fan nuestros horarios y disponibilidad, repartimos las tareas.<\/p><p>\u00bfQuieres participar?<\/p>\t\t\t\t\t\t\t\t<\/div>\n\t\t\t\t<\/div>\n\t\t<div class=\"elementor-element elementor-element-daf3f0d e-con-full e-flex e-con e-child\" data-id=\"daf3f0d\" data-element_type=\"container\">\n\t\t\t\t<div class=\"elementor-element elementor-element-31dd8e7 elementor-widget elementor-widget-heading\" data-id=\"31dd8e7\" data-element_type=\"widget\" data-widget_type=\"heading.default\">\n\t\t\t\t\t<h3 class=\"elementor-heading-title elementor-size-default\">Caf\u00e9 tertulia<\/h3>\t\t\t\t<\/div>\n\t\t\t\t<div class=\"elementor-element elementor-element-fb99905 elementor-widget elementor-widget-text-editor\" data-id=\"fb99905\" data-element_type=\"widget\" data-widget_type=\"text-editor.default\">\n\t\t\t\t\t\t\t\t\t<p>Conscientes de la importancia de las redes de apoyo en nuestras vidas, queremos crear espacios donde podamos construirlas y fortalecerlas juntas. Tambi\u00e9n deseamos compartir nuestros saberes, experiencias y habilidades. <\/p><p>Ser\u00e1 un espacio abierto al ocio y al aprendizaje, donde, mientras compartimos un caf\u00e9, t\u00e9 o infusi\u00f3n, podamos dedicarnos tiempo a nosotras mismas. Un lugar para compartir lo que deseemos con otras, para conocernos, aprender y disfrutar en compa\u00f1\u00eda. Un espacio cuidado, basado en la confianza, el respeto y el bienestar compartido.   <\/p>\t\t\t\t\t\t\t\t<\/div>\n\t\t\t\t<\/div>\n\t\t<div class=\"elementor-element elementor-element-c16a854 e-con-full e-flex e-con e-child\" data-id=\"c16a854\" data-element_type=\"container\">\n\t\t\t\t<div class=\"elementor-element elementor-element-e9def7b elementor-widget elementor-widget-heading\" data-id=\"e9def7b\" data-element_type=\"widget\" data-widget_type=\"heading.default\">\n\t\t\t\t\t<h3 class=\"elementor-heading-title elementor-size-default\">Caminando juntas<\/h3>\t\t\t\t<\/div>\n\t\t\t\t<div class=\"elementor-element elementor-element-ba8ca7a elementor-widget elementor-widget-text-editor\" data-id=\"ba8ca7a\" data-element_type=\"widget\" data-widget_type=\"text-editor.default\">\n\t\t\t\t\t\t\t\t\t<p>En este espacio guiado por una psic\u00f3loga abordaremos diversos temas que atraviesan nuestras vidas: los miedos, conflictos con tu entorno, la soledad, violencias, &#8230; Nos juntaremos cada dos semanas y aprovecharemos el apoyo del grupo para afrontar juntas estas situaciones. Si tienes inter\u00e9s, ac\u00e9rcate a informarte.  <\/p>\t\t\t\t\t\t\t\t<\/div>\n\t\t\t\t<\/div>\n\t\t\t\t\t<\/div>\n\t\t\t\t<\/div>\n\t\t<div class=\"elementor-element elementor-element-583e80f e-flex e-con-boxed e-con e-parent\" data-id=\"583e80f\" data-element_type=\"container\" data-settings=\"{&quot;background_background&quot;:&quot;classic&quot;}\">\n\t\t\t\t\t<div class=\"e-con-inner\">\n\t\t<div class=\"elementor-element elementor-element-ec6dcf0 e-con-full e-flex e-con e-child\" data-id=\"ec6dcf0\" data-element_type=\"container\">\n\t\t\t\t<div class=\"elementor-element elementor-element-111622f elementor-widget elementor-widget-heading\" data-id=\"111622f\" data-element_type=\"widget\" data-widget_type=\"heading.default\">\n\t\t\t\t\t<h1 class=\"elementor-heading-title elementor-size-default\">Grupos de encuentro<\/h1>\t\t\t\t<\/div>\n\t\t\t\t<\/div>\n\t\t<div class=\"elementor-element elementor-element-a52809a e-con-full e-flex e-con e-child\" data-id=\"a52809a\" data-element_type=\"container\" data-settings=\"{&quot;background_background&quot;:&quot;classic&quot;}\">\n\t\t\t\t<div class=\"elementor-element elementor-element-011835f elementor-widget elementor-widget-image\" data-id=\"011835f\" data-element_type=\"widget\" data-widget_type=\"image.default\">\n\t\t\t\t\t\t\t\t\t\t\t\t\t\t\t<img loading=\"lazy\" decoding=\"async\" width=\"900\" height=\"600\" src=\"https:\/\/astigarragakoemakumeonetxea.eus\/wp-content\/uploads\/2025\/07\/Astigarragako-emakumeon-etxea-anatasun-tailerra.jpg\" class=\"attachment-large size-large wp-image-780\" alt=\"\" srcset=\"https:\/\/astigarragakoemakumeonetxea.eus\/wp-content\/uploads\/2025\/07\/Astigarragako-emakumeon-etxea-anatasun-tailerra.jpg 900w, https:\/\/astigarragakoemakumeonetxea.eus\/wp-content\/uploads\/2025\/07\/Astigarragako-emakumeon-etxea-anatasun-tailerra-800x533.jpg 800w, https:\/\/astigarragakoemakumeonetxea.eus\/wp-content\/uploads\/2025\/07\/Astigarragako-emakumeon-etxea-anatasun-tailerra-768x512.jpg 768w, https:\/\/astigarragakoemakumeonetxea.eus\/wp-content\/uploads\/2025\/07\/Astigarragako-emakumeon-etxea-anatasun-tailerra-391x260.jpg 391w\" sizes=\"(max-width: 900px) 100vw, 900px\" \/>\t\t\t\t\t\t\t\t\t\t\t\t\t\t\t<\/div>\n\t\t\t\t<div class=\"elementor-element elementor-element-0ee974a elementor-widget elementor-widget-heading\" data-id=\"0ee974a\" data-element_type=\"widget\" data-widget_type=\"heading.default\">\n\t\t\t\t\t<h3 class=\"elementor-heading-title elementor-size-default\">Encuentro de maternidades<\/h3>\t\t\t\t<\/div>\n\t\t\t\t<div class=\"elementor-element elementor-element-2c2299e elementor-widget elementor-widget-text-editor\" data-id=\"2c2299e\" data-element_type=\"widget\" data-widget_type=\"text-editor.default\">\n\t\t\t\t\t\t\t\t\t<p>Al comenzar la experiencia de la maternidad, nos enfrentamos a muchos sentimientos nuevos y el viaje puede ser realmente intenso. Tratamos de cubrir constantemente las necesidades de las criaturas pero\u2026 \u00bfy las nuestras? <\/p><p>En este grupo, adem\u00e1s de trabajar el desarrollo personal, intentaremos comprender mejor el mundo de la infancia. Daremos espacio a las emociones y contaremos con el apoyo del grupo. Se puede acudir con beb\u00e9s.  <\/p>\t\t\t\t\t\t\t\t<\/div>\n\t\t\t\t<\/div>\n\t\t<div class=\"elementor-element elementor-element-a5d43c8 e-con-full e-flex e-con e-child\" data-id=\"a5d43c8\" data-element_type=\"container\" data-settings=\"{&quot;background_background&quot;:&quot;classic&quot;}\">\n\t\t\t\t<div class=\"elementor-element elementor-element-9a676a7 elementor-widget elementor-widget-image\" data-id=\"9a676a7\" data-element_type=\"widget\" data-widget_type=\"image.default\">\n\t\t\t\t\t\t\t\t\t\t\t\t\t\t\t<img loading=\"lazy\" decoding=\"async\" width=\"1200\" height=\"800\" src=\"https:\/\/astigarragakoemakumeonetxea.eus\/wp-content\/uploads\/2025\/08\/Tuneo-tailerra-1200x800.jpg\" class=\"attachment-large size-large wp-image-911\" alt=\"\" srcset=\"https:\/\/astigarragakoemakumeonetxea.eus\/wp-content\/uploads\/2025\/08\/Tuneo-tailerra-1200x800.jpg 1200w, https:\/\/astigarragakoemakumeonetxea.eus\/wp-content\/uploads\/2025\/08\/Tuneo-tailerra-800x533.jpg 800w, https:\/\/astigarragakoemakumeonetxea.eus\/wp-content\/uploads\/2025\/08\/Tuneo-tailerra-768x512.jpg 768w, https:\/\/astigarragakoemakumeonetxea.eus\/wp-content\/uploads\/2025\/08\/Tuneo-tailerra-391x260.jpg 391w, https:\/\/astigarragakoemakumeonetxea.eus\/wp-content\/uploads\/2025\/08\/Tuneo-tailerra.jpg 1500w\" sizes=\"(max-width: 1200px) 100vw, 1200px\" \/>\t\t\t\t\t\t\t\t\t\t\t\t\t\t\t<\/div>\n\t\t\t\t<div class=\"elementor-element elementor-element-7391bb7 elementor-widget elementor-widget-heading\" data-id=\"7391bb7\" data-element_type=\"widget\" data-widget_type=\"heading.default\">\n\t\t\t\t\t<h3 class=\"elementor-heading-title elementor-size-default\">Taller de tuneo de ropa<\/h3>\t\t\t\t<\/div>\n\t\t\t\t<div class=\"elementor-element elementor-element-801ee2d elementor-widget elementor-widget-text-editor\" data-id=\"801ee2d\" data-element_type=\"widget\" data-widget_type=\"text-editor.default\">\n\t\t\t\t\t\t\t\t\t<p>Este grupo abierto nace con el prop\u00f3sito de reflexionar sobre nuestro modelo de consumo y construir juntas alternativas pr\u00e1cticas y sostenibles. De forma autogestionada, aprenderemos a reciclar, reparar y reutilizar ropa y tejidos que ya tenemos en casa. Es un espacio que tambi\u00e9n despierta nuestra creatividad, valorando lo que creamos con nuestras manos y d\u00e1ndole una nueva vida a los materiales. Aprenderemos unas de otras, explorando las m\u00faltiples posibilidades que nos ofrecen las telas.   <\/p><ul><li>Como parte de esta iniciativa, el grupo tambi\u00e9n organiza <strong>mercadillos de trueque y de segunda mano<\/strong> a lo largo del a\u00f1o, fomentando el intercambio, el cuidado del entorno y el consumo consciente.<\/li><\/ul>\t\t\t\t\t\t\t\t<\/div>\n\t\t\t\t<\/div>\n\t\t<div class=\"elementor-element elementor-element-fffac9b e-con-full e-flex e-con e-child\" data-id=\"fffac9b\" data-element_type=\"container\" data-settings=\"{&quot;background_background&quot;:&quot;classic&quot;}\">\n\t\t\t\t<div class=\"elementor-element elementor-element-4e1feac elementor-widget elementor-widget-image\" data-id=\"4e1feac\" data-element_type=\"widget\" data-widget_type=\"image.default\">\n\t\t\t\t\t\t\t\t\t\t\t\t\t\t\t<img loading=\"lazy\" decoding=\"async\" width=\"900\" height=\"600\" src=\"https:\/\/astigarragakoemakumeonetxea.eus\/wp-content\/uploads\/2025\/07\/Astigarragako-emakumeon-etxea-erakusketak.jpg\" class=\"attachment-large size-large wp-image-774\" alt=\"\" srcset=\"https:\/\/astigarragakoemakumeonetxea.eus\/wp-content\/uploads\/2025\/07\/Astigarragako-emakumeon-etxea-erakusketak.jpg 900w, https:\/\/astigarragakoemakumeonetxea.eus\/wp-content\/uploads\/2025\/07\/Astigarragako-emakumeon-etxea-erakusketak-800x533.jpg 800w, https:\/\/astigarragakoemakumeonetxea.eus\/wp-content\/uploads\/2025\/07\/Astigarragako-emakumeon-etxea-erakusketak-768x512.jpg 768w, https:\/\/astigarragakoemakumeonetxea.eus\/wp-content\/uploads\/2025\/07\/Astigarragako-emakumeon-etxea-erakusketak-391x260.jpg 391w\" sizes=\"(max-width: 900px) 100vw, 900px\" \/>\t\t\t\t\t\t\t\t\t\t\t\t\t\t\t<\/div>\n\t\t\t\t<div class=\"elementor-element elementor-element-1b71eaa elementor-widget elementor-widget-heading\" data-id=\"1b71eaa\" data-element_type=\"widget\" data-widget_type=\"heading.default\">\n\t\t\t\t\t<h3 class=\"elementor-heading-title elementor-size-default\">Caf\u00e9 tertulia<\/h3>\t\t\t\t<\/div>\n\t\t\t\t<div class=\"elementor-element elementor-element-fcb88cd elementor-widget elementor-widget-text-editor\" data-id=\"fcb88cd\" data-element_type=\"widget\" data-widget_type=\"text-editor.default\">\n\t\t\t\t\t\t\t\t\t<p>Conscientes de la importancia de las redes de apoyo en nuestras vidas, queremos crear espacios donde podamos construirlas y fortalecerlas juntas. Tambi\u00e9n deseamos compartir nuestros saberes, experiencias y habilidades. <\/p><p>Ser\u00e1 un espacio abierto al ocio y al aprendizaje, donde, mientras compartimos un caf\u00e9, t\u00e9 o infusi\u00f3n, podamos dedicarnos tiempo a nosotras mismas. Un lugar para compartir lo que deseemos con otras, para conocernos, aprender y disfrutar en compa\u00f1\u00eda. Un espacio cuidado, basado en la confianza, el respeto y el bienestar compartido.   <\/p>\t\t\t\t\t\t\t\t<\/div>\n\t\t\t\t<\/div>\n\t\t<div class=\"elementor-element elementor-element-529ab30 e-con-full e-flex e-con e-child\" data-id=\"529ab30\" data-element_type=\"container\" data-settings=\"{&quot;background_background&quot;:&quot;classic&quot;}\">\n\t\t\t\t<div class=\"elementor-element elementor-element-d2ffa65 elementor-widget elementor-widget-image\" data-id=\"d2ffa65\" data-element_type=\"widget\" data-widget_type=\"image.default\">\n\t\t\t\t\t\t\t\t\t\t\t\t\t\t\t<img loading=\"lazy\" decoding=\"async\" width=\"900\" height=\"600\" src=\"https:\/\/astigarragakoemakumeonetxea.eus\/wp-content\/uploads\/2025\/07\/Astigarraga-baratza.jpg\" class=\"attachment-large size-large wp-image-788\" alt=\"\" srcset=\"https:\/\/astigarragakoemakumeonetxea.eus\/wp-content\/uploads\/2025\/07\/Astigarraga-baratza.jpg 900w, https:\/\/astigarragakoemakumeonetxea.eus\/wp-content\/uploads\/2025\/07\/Astigarraga-baratza-800x533.jpg 800w, https:\/\/astigarragakoemakumeonetxea.eus\/wp-content\/uploads\/2025\/07\/Astigarraga-baratza-768x512.jpg 768w, https:\/\/astigarragakoemakumeonetxea.eus\/wp-content\/uploads\/2025\/07\/Astigarraga-baratza-391x260.jpg 391w\" sizes=\"(max-width: 900px) 100vw, 900px\" \/>\t\t\t\t\t\t\t\t\t\t\t\t\t\t\t<\/div>\n\t\t\t\t<div class=\"elementor-element elementor-element-40c5bab elementor-widget elementor-widget-heading\" data-id=\"40c5bab\" data-element_type=\"widget\" data-widget_type=\"heading.default\">\n\t\t\t\t\t<h3 class=\"elementor-heading-title elementor-size-default\">Huerta Feminista<\/h3>\t\t\t\t<\/div>\n\t\t\t\t<div class=\"elementor-element elementor-element-679e50f elementor-widget elementor-widget-text-editor\" data-id=\"679e50f\" data-element_type=\"widget\" data-widget_type=\"text-editor.default\">\n\t\t\t\t\t\t\t\t\t<p>En el terreno que tenemos en las huertas del pueblo (herri baratzeak), hemos puesto en marcha un proyecto comunitario. Trabajar la tierra nos brinda m\u00faltiples beneficios para la salud, pero hacerlo en solitario no siempre es sencillo. Por eso, hemos decidido organizarnos en grupo.<br>La idea es cultivar juntas, aprender unas de otras y disfrutar del proceso. Compartiendo conocimientos, experiencias y entusiasmo, construyendo entre todas un espacio vivo y colectivo.   <\/p><p>Para facilitar la participaci\u00f3n, nos organizamos con flexibilidad y respetando el ritmo de cada una. As\u00ed, en peque\u00f1os grupos seg\u00fan nuestros horarios y disponibilidad, repartimos las tareas.<\/p><p>\u00bfQuieres participar?<\/p>\t\t\t\t\t\t\t\t<\/div>\n\t\t\t\t<\/div>\n\t\t<div class=\"elementor-element elementor-element-8df63ae e-con-full e-flex e-con e-child\" data-id=\"8df63ae\" data-element_type=\"container\" data-settings=\"{&quot;background_background&quot;:&quot;classic&quot;}\">\n\t\t\t\t<div class=\"elementor-element elementor-element-b680c78 elementor-widget elementor-widget-image\" data-id=\"b680c78\" data-element_type=\"widget\" data-widget_type=\"image.default\">\n\t\t\t\t\t\t\t\t\t\t\t\t\t\t\t<img loading=\"lazy\" decoding=\"async\" width=\"1200\" height=\"800\" src=\"https:\/\/astigarragakoemakumeonetxea.eus\/wp-content\/uploads\/2025\/08\/ELKARREKIN-BIDEA-EGINEZ-1200x800.jpg\" class=\"attachment-large size-large wp-image-913\" alt=\"\" srcset=\"https:\/\/astigarragakoemakumeonetxea.eus\/wp-content\/uploads\/2025\/08\/ELKARREKIN-BIDEA-EGINEZ-1200x800.jpg 1200w, https:\/\/astigarragakoemakumeonetxea.eus\/wp-content\/uploads\/2025\/08\/ELKARREKIN-BIDEA-EGINEZ-800x533.jpg 800w, https:\/\/astigarragakoemakumeonetxea.eus\/wp-content\/uploads\/2025\/08\/ELKARREKIN-BIDEA-EGINEZ-768x512.jpg 768w, https:\/\/astigarragakoemakumeonetxea.eus\/wp-content\/uploads\/2025\/08\/ELKARREKIN-BIDEA-EGINEZ-391x260.jpg 391w, https:\/\/astigarragakoemakumeonetxea.eus\/wp-content\/uploads\/2025\/08\/ELKARREKIN-BIDEA-EGINEZ.jpg 1500w\" sizes=\"(max-width: 1200px) 100vw, 1200px\" \/>\t\t\t\t\t\t\t\t\t\t\t\t\t\t\t<\/div>\n\t\t\t\t<div class=\"elementor-element elementor-element-262be16 elementor-widget elementor-widget-heading\" data-id=\"262be16\" data-element_type=\"widget\" data-widget_type=\"heading.default\">\n\t\t\t\t\t<h3 class=\"elementor-heading-title elementor-size-default\">Caminando juntas<\/h3>\t\t\t\t<\/div>\n\t\t\t\t<div class=\"elementor-element elementor-element-06ac256 elementor-widget elementor-widget-text-editor\" data-id=\"06ac256\" data-element_type=\"widget\" data-widget_type=\"text-editor.default\">\n\t\t\t\t\t\t\t\t\t<p>En este espacio guiado por una psic\u00f3loga abordaremos diversos temas que atraviesan nuestras vidas: los miedos, conflictos con tu entorno, la soledad, violencias, &#8230; Nos juntaremos cada dos semanas y aprovecharemos el apoyo del grupo para afrontar juntas estas situaciones. Si tienes inter\u00e9s, ac\u00e9rcate a informarte.  <\/p>\t\t\t\t\t\t\t\t<\/div>\n\t\t\t\t<\/div>\n\t\t\t\t\t<\/div>\n\t\t\t\t<\/div>\n\t\t\t\t<\/div>\n\t\t","protected":false},"excerpt":{"rendered":"<p>CUIDADO \u2013 ESCUCHA ACTIVA \u2013 LIBERTAD \u2013 CONFIDENCIALIDAD \u2013 RESPETO \u2013 EQUILIBRIO \u2013 HUMOR \u2013 CONFIANZA \u2013 PACIENCIA \u2013 CERCAN\u00cdA [&hellip;]<\/p>\n","protected":false},"author":1,"featured_media":0,"parent":0,"menu_order":0,"comment_status":"closed","ping_status":"closed","template":"","meta":{"site-sidebar-layout":"no-sidebar","site-content-layout":"","ast-site-content-layout":"full-width-container","site-content-style":"default","site-sidebar-style":"default","ast-global-header-display":"","ast-banner-title-visibility":"","ast-main-header-display":"","ast-hfb-above-header-display":"","ast-hfb-below-header-display":"","ast-hfb-mobile-header-display":"","site-post-title":"disabled","ast-breadcrumbs-content":"","ast-featured-img":"disabled","footer-sml-layout":"","theme-transparent-header-meta":"","adv-header-id-meta":"","stick-header-meta":"","header-above-stick-meta":"","header-main-stick-meta":"","header-below-stick-meta":"","astra-migrate-meta-layouts":"default","ast-page-background-enabled":"default","ast-page-background-meta":{"desktop":{"background-color":"var(--ast-global-color-5)","background-image":"","background-repeat":"repeat","background-position":"center center","background-size":"auto","background-attachment":"scroll","background-type":"","background-media":"","overlay-type":"","overlay-color":"","overlay-opacity":"","overlay-gradient":""},"tablet":{"background-color":"","background-image":"","background-repeat":"repeat","background-position":"center center","background-size":"auto","background-attachment":"scroll","background-type":"","background-media":"","overlay-type":"","overlay-color":"","overlay-opacity":"","overlay-gradient":""},"mobile":{"background-color":"","background-image":"","background-repeat":"repeat","background-position":"center center","background-size":"auto","background-attachment":"scroll","background-type":"","background-media":"","overlay-type":"","overlay-color":"","overlay-opacity":"","overlay-gradient":""}},"ast-content-background-meta":{"desktop":{"background-color":"var(--ast-global-color-4)","background-image":"","background-repeat":"repeat","background-position":"center center","background-size":"auto","background-attachment":"scroll","background-type":"","background-media":"","overlay-type":"","overlay-color":"","overlay-opacity":"","overlay-gradient":""},"tablet":{"background-color":"var(--ast-global-color-4)","background-image":"","background-repeat":"repeat","background-position":"center center","background-size":"auto","background-attachment":"scroll","background-type":"","background-media":"","overlay-type":"","overlay-color":"","overlay-opacity":"","overlay-gradient":""},"mobile":{"background-color":"var(--ast-global-color-4)","background-image":"","background-repeat":"repeat","background-position":"center center","background-size":"auto","background-attachment":"scroll","background-type":"","background-media":"","overlay-type":"","overlay-color":"","overlay-opacity":"","overlay-gradient":""}},"footnotes":""},"class_list":["post-955","page","type-page","status-publish","hentry"],"yoast_head":"<!-- This site is optimized with the Yoast SEO plugin v25.5 - https:\/\/yoast.com\/wordpress\/plugins\/seo\/ -->\n<title>Actividades - Astigarragako Emakumeon Etxea<\/title>\n<meta name=\"description\" content=\"La Escuela de Empoderamiento para mujeres es un espacio para la reflexi\u00f3n, la formaci\u00f3n feminista y crear redes. Nos permite conocernos, ganar confianza en nosotras mismas y tomar las riendas de nuestras vidas.\" \/>\n<meta name=\"robots\" content=\"index, follow, max-snippet:-1, max-image-preview:large, max-video-preview:-1\" \/>\n<link rel=\"canonical\" href=\"https:\/\/astigarragakoemakumeonetxea.eus\/es\/actividades\/\" \/>\n<meta property=\"og:locale\" content=\"es_ES\" \/>\n<meta property=\"og:type\" content=\"article\" \/>\n<meta property=\"og:title\" content=\"Actividades - Astigarragako Emakumeon Etxea\" \/>\n<meta property=\"og:description\" content=\"La Escuela de Empoderamiento para mujeres es un espacio para la reflexi\u00f3n, la formaci\u00f3n feminista y crear redes. Nos permite conocernos, ganar confianza en nosotras mismas y tomar las riendas de nuestras vidas.\" \/>\n<meta property=\"og:url\" content=\"https:\/\/astigarragakoemakumeonetxea.eus\/es\/actividades\/\" \/>\n<meta property=\"og:site_name\" content=\"Astigarragako Emakumeon Etxea\" \/>\n<meta property=\"article:modified_time\" content=\"2026-01-09T08:43:06+00:00\" \/>\n<meta property=\"og:image\" content=\"https:\/\/astigarragakoemakumeonetxea.eus\/wp-content\/uploads\/2025\/07\/Astigarraga-Eskaintzak-Emakumeon-etxea-600x600.jpg\" \/>\n<meta name=\"twitter:card\" content=\"summary_large_image\" \/>\n<meta name=\"twitter:label1\" content=\"Tiempo de lectura\" \/>\n\t<meta name=\"twitter:data1\" content=\"1 minuto\" \/>\n<script type=\"application\/ld+json\" class=\"yoast-schema-graph\">{\"@context\":\"https:\/\/schema.org\",\"@graph\":[{\"@type\":\"WebPage\",\"@id\":\"https:\/\/astigarragakoemakumeonetxea.eus\/es\/actividades\/\",\"url\":\"https:\/\/astigarragakoemakumeonetxea.eus\/es\/actividades\/\",\"name\":\"Actividades - Astigarragako Emakumeon Etxea\",\"isPartOf\":{\"@id\":\"https:\/\/astigarragakoemakumeonetxea.eus\/es\/#website\"},\"primaryImageOfPage\":{\"@id\":\"https:\/\/astigarragakoemakumeonetxea.eus\/es\/actividades\/#primaryimage\"},\"image\":{\"@id\":\"https:\/\/astigarragakoemakumeonetxea.eus\/es\/actividades\/#primaryimage\"},\"thumbnailUrl\":\"https:\/\/astigarragakoemakumeonetxea.eus\/wp-content\/uploads\/2025\/08\/Eskaintza-Astigarragako-emakumeon-etxea.jpg\",\"datePublished\":\"2025-07-11T10:43:06+00:00\",\"dateModified\":\"2026-01-09T08:43:06+00:00\",\"description\":\"La Escuela de Empoderamiento para mujeres es un espacio para la reflexi\u00f3n, la formaci\u00f3n feminista y crear redes. Nos permite conocernos, ganar confianza en nosotras mismas y tomar las riendas de nuestras vidas.\",\"breadcrumb\":{\"@id\":\"https:\/\/astigarragakoemakumeonetxea.eus\/es\/actividades\/#breadcrumb\"},\"inLanguage\":\"es\",\"potentialAction\":[{\"@type\":\"ReadAction\",\"target\":[\"https:\/\/astigarragakoemakumeonetxea.eus\/es\/actividades\/\"]}]},{\"@type\":\"ImageObject\",\"inLanguage\":\"es\",\"@id\":\"https:\/\/astigarragakoemakumeonetxea.eus\/es\/actividades\/#primaryimage\",\"url\":\"https:\/\/astigarragakoemakumeonetxea.eus\/wp-content\/uploads\/2025\/08\/Eskaintza-Astigarragako-emakumeon-etxea.jpg\",\"contentUrl\":\"https:\/\/astigarragakoemakumeonetxea.eus\/wp-content\/uploads\/2025\/08\/Eskaintza-Astigarragako-emakumeon-etxea.jpg\"},{\"@type\":\"BreadcrumbList\",\"@id\":\"https:\/\/astigarragakoemakumeonetxea.eus\/es\/actividades\/#breadcrumb\",\"itemListElement\":[{\"@type\":\"ListItem\",\"position\":1,\"name\":\"Home\",\"item\":\"https:\/\/astigarragakoemakumeonetxea.eus\/es\/\"},{\"@type\":\"ListItem\",\"position\":2,\"name\":\"Actividades\"}]},{\"@type\":\"WebSite\",\"@id\":\"https:\/\/astigarragakoemakumeonetxea.eus\/es\/#website\",\"url\":\"https:\/\/astigarragakoemakumeonetxea.eus\/es\/\",\"name\":\"Astigarragako Emakumeon Etxea\",\"description\":\"\",\"publisher\":{\"@id\":\"https:\/\/astigarragakoemakumeonetxea.eus\/es\/#organization\"},\"potentialAction\":[{\"@type\":\"SearchAction\",\"target\":{\"@type\":\"EntryPoint\",\"urlTemplate\":\"https:\/\/astigarragakoemakumeonetxea.eus\/es\/?s={search_term_string}\"},\"query-input\":{\"@type\":\"PropertyValueSpecification\",\"valueRequired\":true,\"valueName\":\"search_term_string\"}}],\"inLanguage\":\"es\"},{\"@type\":\"Organization\",\"@id\":\"https:\/\/astigarragakoemakumeonetxea.eus\/es\/#organization\",\"name\":\"Astigarragako Emakumeon Etxea\",\"url\":\"https:\/\/astigarragakoemakumeonetxea.eus\/es\/\",\"logo\":{\"@type\":\"ImageObject\",\"inLanguage\":\"es\",\"@id\":\"https:\/\/astigarragakoemakumeonetxea.eus\/es\/#\/schema\/logo\/image\/\",\"url\":\"https:\/\/astigarragakoemakumeonetxea.eus\/wp-content\/uploads\/2025\/07\/Astigarraga-emakumeon-etxea-logotipoa-morea.png\",\"contentUrl\":\"https:\/\/astigarragakoemakumeonetxea.eus\/wp-content\/uploads\/2025\/07\/Astigarraga-emakumeon-etxea-logotipoa-morea.png\",\"width\":1000,\"height\":429,\"caption\":\"Astigarragako Emakumeon Etxea\"},\"image\":{\"@id\":\"https:\/\/astigarragakoemakumeonetxea.eus\/es\/#\/schema\/logo\/image\/\"}}]}<\/script>\n<!-- \/ Yoast SEO plugin. -->","yoast_head_json":{"title":"Actividades - Astigarragako Emakumeon Etxea","description":"La Escuela de Empoderamiento para mujeres es un espacio para la reflexi\u00f3n, la formaci\u00f3n feminista y crear redes. Nos permite conocernos, ganar confianza en nosotras mismas y tomar las riendas de nuestras vidas.","robots":{"index":"index","follow":"follow","max-snippet":"max-snippet:-1","max-image-preview":"max-image-preview:large","max-video-preview":"max-video-preview:-1"},"canonical":"https:\/\/astigarragakoemakumeonetxea.eus\/es\/actividades\/","og_locale":"es_ES","og_type":"article","og_title":"Actividades - Astigarragako Emakumeon Etxea","og_description":"La Escuela de Empoderamiento para mujeres es un espacio para la reflexi\u00f3n, la formaci\u00f3n feminista y crear redes. Nos permite conocernos, ganar confianza en nosotras mismas y tomar las riendas de nuestras vidas.","og_url":"https:\/\/astigarragakoemakumeonetxea.eus\/es\/actividades\/","og_site_name":"Astigarragako Emakumeon Etxea","article_modified_time":"2026-01-09T08:43:06+00:00","og_image":[{"url":"https:\/\/astigarragakoemakumeonetxea.eus\/wp-content\/uploads\/2025\/07\/Astigarraga-Eskaintzak-Emakumeon-etxea-600x600.jpg","type":"","width":"","height":""}],"twitter_card":"summary_large_image","twitter_misc":{"Tiempo de lectura":"1 minuto"},"schema":{"@context":"https:\/\/schema.org","@graph":[{"@type":"WebPage","@id":"https:\/\/astigarragakoemakumeonetxea.eus\/es\/actividades\/","url":"https:\/\/astigarragakoemakumeonetxea.eus\/es\/actividades\/","name":"Actividades - Astigarragako Emakumeon Etxea","isPartOf":{"@id":"https:\/\/astigarragakoemakumeonetxea.eus\/es\/#website"},"primaryImageOfPage":{"@id":"https:\/\/astigarragakoemakumeonetxea.eus\/es\/actividades\/#primaryimage"},"image":{"@id":"https:\/\/astigarragakoemakumeonetxea.eus\/es\/actividades\/#primaryimage"},"thumbnailUrl":"https:\/\/astigarragakoemakumeonetxea.eus\/wp-content\/uploads\/2025\/08\/Eskaintza-Astigarragako-emakumeon-etxea.jpg","datePublished":"2025-07-11T10:43:06+00:00","dateModified":"2026-01-09T08:43:06+00:00","description":"La Escuela de Empoderamiento para mujeres es un espacio para la reflexi\u00f3n, la formaci\u00f3n feminista y crear redes. Nos permite conocernos, ganar confianza en nosotras mismas y tomar las riendas de nuestras vidas.","breadcrumb":{"@id":"https:\/\/astigarragakoemakumeonetxea.eus\/es\/actividades\/#breadcrumb"},"inLanguage":"es","potentialAction":[{"@type":"ReadAction","target":["https:\/\/astigarragakoemakumeonetxea.eus\/es\/actividades\/"]}]},{"@type":"ImageObject","inLanguage":"es","@id":"https:\/\/astigarragakoemakumeonetxea.eus\/es\/actividades\/#primaryimage","url":"https:\/\/astigarragakoemakumeonetxea.eus\/wp-content\/uploads\/2025\/08\/Eskaintza-Astigarragako-emakumeon-etxea.jpg","contentUrl":"https:\/\/astigarragakoemakumeonetxea.eus\/wp-content\/uploads\/2025\/08\/Eskaintza-Astigarragako-emakumeon-etxea.jpg"},{"@type":"BreadcrumbList","@id":"https:\/\/astigarragakoemakumeonetxea.eus\/es\/actividades\/#breadcrumb","itemListElement":[{"@type":"ListItem","position":1,"name":"Home","item":"https:\/\/astigarragakoemakumeonetxea.eus\/es\/"},{"@type":"ListItem","position":2,"name":"Actividades"}]},{"@type":"WebSite","@id":"https:\/\/astigarragakoemakumeonetxea.eus\/es\/#website","url":"https:\/\/astigarragakoemakumeonetxea.eus\/es\/","name":"Astigarragako Emakumeon Etxea","description":"","publisher":{"@id":"https:\/\/astigarragakoemakumeonetxea.eus\/es\/#organization"},"potentialAction":[{"@type":"SearchAction","target":{"@type":"EntryPoint","urlTemplate":"https:\/\/astigarragakoemakumeonetxea.eus\/es\/?s={search_term_string}"},"query-input":{"@type":"PropertyValueSpecification","valueRequired":true,"valueName":"search_term_string"}}],"inLanguage":"es"},{"@type":"Organization","@id":"https:\/\/astigarragakoemakumeonetxea.eus\/es\/#organization","name":"Astigarragako Emakumeon Etxea","url":"https:\/\/astigarragakoemakumeonetxea.eus\/es\/","logo":{"@type":"ImageObject","inLanguage":"es","@id":"https:\/\/astigarragakoemakumeonetxea.eus\/es\/#\/schema\/logo\/image\/","url":"https:\/\/astigarragakoemakumeonetxea.eus\/wp-content\/uploads\/2025\/07\/Astigarraga-emakumeon-etxea-logotipoa-morea.png","contentUrl":"https:\/\/astigarragakoemakumeonetxea.eus\/wp-content\/uploads\/2025\/07\/Astigarraga-emakumeon-etxea-logotipoa-morea.png","width":1000,"height":429,"caption":"Astigarragako Emakumeon Etxea"},"image":{"@id":"https:\/\/astigarragakoemakumeonetxea.eus\/es\/#\/schema\/logo\/image\/"}}]}},"_links":{"self":[{"href":"https:\/\/astigarragakoemakumeonetxea.eus\/es\/wp-json\/wp\/v2\/pages\/955","targetHints":{"allow":["GET"]}}],"collection":[{"href":"https:\/\/astigarragakoemakumeonetxea.eus\/es\/wp-json\/wp\/v2\/pages"}],"about":[{"href":"https:\/\/astigarragakoemakumeonetxea.eus\/es\/wp-json\/wp\/v2\/types\/page"}],"author":[{"embeddable":true,"href":"https:\/\/astigarragakoemakumeonetxea.eus\/es\/wp-json\/wp\/v2\/users\/1"}],"replies":[{"embeddable":true,"href":"https:\/\/astigarragakoemakumeonetxea.eus\/es\/wp-json\/wp\/v2\/comments?post=955"}],"version-history":[{"count":5,"href":"https:\/\/astigarragakoemakumeonetxea.eus\/es\/wp-json\/wp\/v2\/pages\/955\/revisions"}],"predecessor-version":[{"id":1167,"href":"https:\/\/astigarragakoemakumeonetxea.eus\/es\/wp-json\/wp\/v2\/pages\/955\/revisions\/1167"}],"wp:attachment":[{"href":"https:\/\/astigarragakoemakumeonetxea.eus\/es\/wp-json\/wp\/v2\/media?parent=955"}],"curies":[{"name":"wp","href":"https:\/\/api.w.org\/{rel}","templated":true}]}}